{"id":684,"date":"2023-08-07T14:09:25","date_gmt":"2023-08-07T14:09:25","guid":{"rendered":"https:\/\/vilagjegy.hu\/?page_id=684"},"modified":"2023-08-07T14:39:53","modified_gmt":"2023-08-07T14:39:53","slug":"bemutatkozas-2","status":"publish","type":"page","link":"https:\/\/vilagjegy.hu\/?page_id=684","title":{"rendered":"Bemutatkoz\u00e1s"},"content":{"rendered":"\t\t<div data-elementor-type=\"wp-page\" data-elementor-id=\"684\" class=\"elementor elementor-684\">\n\t\t\t\t\t\t\t\t\t<section class=\"elementor-section elementor-top-section elementor-element elementor-element-5afdbe15 elementor-reverse-mobile elementor-reverse-tablet elementor-section-content-middle elementor-section-boxed elementor-section-height-default elementor-section-height-default\" data-id=\"5afdbe15\" data-element_type=\"section\">\n\t\t\t\t\t\t<div class=\"elementor-container elementor-column-gap-default\">\n\t\t\t\t\t<div class=\"elementor-column elementor-col-50 elementor-top-column elementor-element elementor-element-3dfcbebf\" data-id=\"3dfcbebf\" data-element_type=\"column\">\n\t\t\t<div class=\"elementor-widget-wrap elementor-element-populated\">\n\t\t\t\t\t\t\t\t<div class=\"elementor-element elementor-element-3464e272 elementor-widget elementor-widget-heading\" data-id=\"3464e272\" data-element_type=\"widget\" data-widget_type=\"heading.default\">\n\t\t\t\t<div class=\"elementor-widget-container\">\n\t\t\t<style>\/*! elementor - v3.12.1 - 02-04-2023 *\/\n.elementor-heading-title{padding:0;margin:0;line-height:1}.elementor-widget-heading .elementor-heading-title[class*=elementor-size-]>a{color:inherit;font-size:inherit;line-height:inherit}.elementor-widget-heading .elementor-heading-title.elementor-size-small{font-size:15px}.elementor-widget-heading .elementor-heading-title.elementor-size-medium{font-size:19px}.elementor-widget-heading .elementor-heading-title.elementor-size-large{font-size:29px}.elementor-widget-heading .elementor-heading-title.elementor-size-xl{font-size:39px}.elementor-widget-heading .elementor-heading-title.elementor-size-xxl{font-size:59px}<\/style><h2 class=\"elementor-heading-title elementor-size-default\">Mi ez az oldal \u00e9s kik ezek a nyulak?<\/h2>\t\t<\/div>\n\t\t\t\t<\/div>\n\t\t\t\t<div class=\"elementor-element elementor-element-2a6185b5 elementor-widget elementor-widget-text-editor\" data-id=\"2a6185b5\" data-element_type=\"widget\" data-widget_type=\"text-editor.default\">\n\t\t\t\t<div class=\"elementor-widget-container\">\n\t\t\t<style>\/*! elementor - v3.12.1 - 02-04-2023 *\/\n.elementor-widget-text-editor.elementor-drop-cap-view-stacked .elementor-drop-cap{background-color:#69727d;color:#fff}.elementor-widget-text-editor.elementor-drop-cap-view-framed .elementor-drop-cap{color:#69727d;border:3px solid;background-color:transparent}.elementor-widget-text-editor:not(.elementor-drop-cap-view-default) .elementor-drop-cap{margin-top:8px}.elementor-widget-text-editor:not(.elementor-drop-cap-view-default) .elementor-drop-cap-letter{width:1em;height:1em}.elementor-widget-text-editor .elementor-drop-cap{float:left;text-align:center;line-height:1;font-size:50px}.elementor-widget-text-editor .elementor-drop-cap-letter{display:inline-block}<\/style>\t\t\t\t<p><span style=\"font-weight: 400;\">A vil\u00e1g k\u00f6r\u00fcl sajnos m\u00e9g el\u00e9g er\u0151s kifejez\u00e9s, mivel csak a ny\u00falneveld\u00e9nk vezet\u0151je hagyta el eddig kontinens\u00fcnket, de minden v\u00e1gyunk \u00e9s legf\u0151bb c\u00e9lunk az, hogy m\u00e9g ebben az \u00e9let\u00fcnkben beutazzuk a vil\u00e1got, legal\u00e1bb is min\u00e9l t\u00f6bbet l\u00e1ssunk bel\u0151le. Mindkett\u0151nk sz\u00e1m\u00e1ra az utaz\u00e1s, a vil\u00e1g orsz\u00e1gainak, kult\u00far\u00e1inak megismer\u00e9se az egyik legfontosabb \u00e9letc\u00e9lja, ha nem a legfontosabb.. Fiatal h\u00e1zasok vagyunk, m\u00e1rmint a h\u00e1zass\u00e1gunk fiatal, m\u00e9g csak n\u00e9h\u00e1ny \u00e9ves, de mi, a r\u00e9szvet\u0151i m\u00e1r a negyvenes \u00e9veinket tapossuk: ki az elej\u00e9t, ki a v\u00e9g\u00e9t.. \ud83d\ude00<\/span><\/p><p><span style=\"font-weight: 400;\">\u00c9s hisz\u00fcnk benne, hogy ebbe m\u00e9g rengeteg minden belef\u00e9rhet. 7 \u00e9ve ismerj\u00fck egym\u00e1st \u00e9s mindegyik k\u00f6z\u00f6s \u00e9v\u00fcnkben siker\u00fclt t\u00f6bbsz\u00f6r is utaznunk, igen, m\u00e9g a Covid alatt is <\/span><span style=\"font-weight: 400;\">\u263a<\/span><span style=\"font-weight: 400;\"> igyeksz\u00fcnk egy \u00e9vben t\u00f6bbsz\u00f6r is \u00fatra kelni, egy-k\u00e9t t\u00f6bbnapos, nagyobb l\u00e9pt\u00e9k\u0171 v\u00e1ltakozik a csak p\u00e1r napos belf\u00f6ldi &#8211; k\u00fclf\u00f6ldivel. Volt olyan nyarunk, hogy el sem kellett pakolni az utaz\u00f3 holminkat, csak friss\u00edteni, mert kicsit hazaj\u00f6tt\u00fcnk, dolgoztunk, azt\u00e1n \u00fatra kelt\u00fcnk ism\u00e9t. Na \u00edgy szeretn\u00e9nk \u00e9lni, ha lehet eg\u00e9sz \u00e9vben. Bizony\u00e1ra sokatokn\u00e1l egyb\u0151l bekapcsol, a mib\u0151l? Az sem titok, \u00e9s sz\u00edvesen megosztjuk, tippeket is adunk, ez\u00e9rt is hoztuk l\u00e9tre ezt a blogot. J\u00f3, f\u0151k\u00e9nt az motiv\u00e1lt, pl\u00e1ne engem, hogy a kis ny\u00falagyamat ne kelljen terhelnem ennyi inf\u00f3 t\u00e1rol\u00e1s\u00e1val, hanem sz\u00e9pen, rendszerezve legyenek el\u00e9rhet\u0151ek az eml\u00e9keim. Sz\u00f3val feled\u00e9keny vagyok na \ud83d\ude00 De itt van Henrik, akinek meg olyan mem\u00f3ri\u00e1ja van, mint egy kiselef\u00e1ntnak \u00e9s k\u00e9szs\u00e9ggel v\u00e1laszol az olyan t\u00edpus\u00fa k\u00e9rd\u00e9seimre, hogy X v\u00e1rosban \u00e9n j\u00e1rtam? Igen? \u00c9s mit l\u00e1ttam ott? \u2013 \u00e9s seg\u00edt, m\u00e9g akkor is, ha kir\u00f6h\u00f6g \ud83d\ude00 nem, nincs korai demenci\u00e1m, sem alzheimerem, rem\u00e9lem nem is kapok ilyen kih\u00edv\u00e1sokat, csak szimpl\u00e1n adhd-s vagyok, \u00e9s rengeteg processz fut \u00e1lland\u00f3an, \u00edgy n\u00e9ha neh\u00e9z kiv\u00e1logatni a helyszeneket, esem\u00e9nyeket \ud83d\ude00\u00a0<\/span><\/p><p><span style=\"font-weight: 400;\">A mib\u0151l k\u00e9rd\u00e9sre visszat\u00e9rve: nem vagyunk a fels\u0151 t\u00edzezer tagja, szeretj\u00fck azt hinni, hogy k\u00f6z\u00e9poszt\u00e1lybeliek, de tulajdonk\u00e9ppen az is csak \u00f6n\u00e1m\u00edt\u00e1s, maximum eduk\u00e1ci\u00f3s \u00e9s m\u0171velts\u00e9gi szempontb\u00f3l vagyunk tartozunk a k\u00f6z\u00e9poszt\u00e1lyhoz, egy\u00e9bk\u00e9nt meg ma Magyarorsz\u00e1gon az, amivel mi rendelkez\u00fcnk, anyagi javak, ingatlanuk \u00e9s ing\u00f3s\u00e1sok, azaz ezek nem l\u00e9te, az j\u00f3indulattal is csak az als\u00f3 k\u00f6z\u00e9poszt\u00e1lyt s\u00farolja. B\u00e1r \u00e9n szeretek meg tudok is sznobkodni, kicsit elitista is vagyok, de megeszem a lidles parizert, \u00e9s mindegy milyen aut\u00f3val j\u00e1rok, csak m\u0171k\u00f6dj\u00f6n, meg olcs\u00f3 legyen a fenntart\u00e1sa. Nem n\u00e9lk\u00fcl\u00f6z\u00fcnk, van mit enn\u00fcnk, felvenn\u00fcnk, vannak j\u00e1rm\u0171veink, van sz\u00e9p kertes lak\u00e1sunk, amit k\u00f6z\u00f6sen b\u00e9rel\u00fcnk, mi\u00f3ta egy\u00fctt vagyunk, \u00e9s saj\u00e1tunk\u00e9t szeretj\u00fck, rendezz\u00fck, a tulajdonosokkal teljes egyet\u00e9rt\u00e9sben. Vannak hiteleink, befektet\u00e9seink, v\u00e1llalkoz\u00e1saink, vannak befuccsolt \u00f6tleteink, projektjeink, meg vannak sikeresebbek, emellett mindketten dolgozunk, viszonylag rugalmas beoszt\u00e1sban, \u00e9n a p\u00e9nz\u00fcgyi szektorban, m\u00e1sik felem meg szakmunk\u00e1ban, fest \u00e9s asztaloskodik, ami mellett pr\u00f3b\u00e1lja a kreat\u00edv, alkot\u00f3 energi\u00e1it is ki\u00e9lni \u00e9s megval\u00f3s\u00edtani kisb\u00fatorok \u00e9s design t\u00e1rgyak form\u00e1j\u00e1ban. Sz\u00f3val van rendszeres meg rendszertelen j\u00f6vedelm\u00fcnk is, az \u00e1tlaghoz k\u00e9pest jobban keres\u00fcnk, \u00e9s igyeksz\u00fcnk j\u00f3l beosztani, sajnos \u00edgy is kev\u00e9s, de utaz\u00e1sra mindig \u00e1ldozunk, vagyis nem \u00e1ldozat. A csal\u00e1dunk is sok mindenben t\u00e1mogat minket. Gyerek\u00fcnk nincs, azzal mondjuk el\u00e9g sokat tudunk sp\u00f3rolni, az \u00f6kol\u00f3giai l\u00e1bnyomunk is l\u00e9nyegesen kisebb, meg nem utols\u00f3 sorban sokkal rugalmasabbak \u00e9s spont\u00e1nabban vagyunk.<\/span><\/p><p><span style=\"font-weight: 400;\">A nem r\u00f6vid bevezet\u0151met m\u00e9g hosszasan tudn\u00e1m cizell\u00e1lni, de arra majd ink\u00e1bb egy k\u00fcl\u00f6n vil\u00e1gn\u00e9zeti moraliz\u00e1l\u00f3 blogot ind\u00edtok ink\u00e1bb \ud83d\ude00 magyar\u00e1n legink\u00e1bb utaz\u00e1sra k\u00f6lt\u00fcnk, \u00e9s azok sem luxusutak, eddig ig\u00e9ny\u00fcnk sem volt all inclusive t\u00edpus\u00fa egyhetes sz\u00e1llodai tart\u00f3zkod\u00e1sra, manaps\u00e1g m\u00e1r nem tartom kiz\u00e1rtnak, hogy hamarosan azt is bev\u00e1llaljuk \u2013 amennyiben olyan helyen van, ahol sok a l\u00e1tnival\u00f3 a k\u00f6rny\u00e9ken. Saj\u00e1t szervez\u00e9sben utazunk mindig, \u00e9s sz\u00e1nunk id\u0151t arra, hogy megtal\u00e1ljuk a megfelel\u0151 k\u00f6zleked\u00e9si eszk\u00f6zt az adott helyre, illetve a k\u00f6rny\u00e9k bej\u00e1r\u00e1s\u00e1hoz, sz\u00e1ll\u00e1sfoglal\u00e1sokn\u00e1l a f\u0151 szempont a tisztas\u00e1g \u00e9s a j\u00f3 elhelyezked\u00e9s, ha t\u00f6bb napos a tart\u00f3zkod\u00e1sunk, akkor a felszerelts\u00e9g is, de egy-egy \u00e9jszak\u00e1ra nagyj\u00e1b\u00f3l mindegy. Van, hogy az\u00e9rt utazunk\/vesz\u00fcnk meg repjegyet, mert tal\u00e1ltam valami nagy akci\u00f3t, azt\u00e1n majd lesz valahogy alapon nekiindulunk a szervez\u00e9snek, tervez\u00e9snek.\u00a0<\/span><\/p><p><span style=\"font-weight: 400;\">A \u00fatinapl\u00f3nk elind\u00edt\u00e1s\u00e1nak aprop\u00f3j\u00e1t is az a csod\u00e1s esem\u00e9ny adta, hogy 2023 tavasz\u00e1n siker\u00fcl majd\u2019 egy h\u00f3napon kereszt\u00fcl vonattal bej\u00e1rni Eur\u00f3pa j\u00f3 n\u00e9h\u00e1ny orsz\u00e1g\u00e1t, ami szint\u00e9n egy spont\u00e1n d\u00f6nt\u00e9s alapj\u00e1n indult. A k\u00f6vetkez\u0151kben ezt osztjuk meg Veletek.<\/span><\/p>\t\t\t\t\t\t<\/div>\n\t\t\t\t<\/div>\n\t\t\t\t\t<\/div>\n\t\t<\/div>\n\t\t\t\t<div class=\"elementor-column elementor-col-50 elementor-top-column elementor-element elementor-element-4a96cec6\" data-id=\"4a96cec6\" data-element_type=\"column\">\n\t\t\t<div class=\"elementor-widget-wrap elementor-element-populated\">\n\t\t\t\t\t\t\t\t<div class=\"elementor-element elementor-element-5f3100b3 elementor-widget elementor-widget-image\" data-id=\"5f3100b3\" data-element_type=\"widget\" data-widget_type=\"image.default\">\n\t\t\t\t<div class=\"elementor-widget-container\">\n\t\t\t<style>\/*! elementor - v3.12.1 - 02-04-2023 *\/\n.elementor-widget-image{text-align:center}.elementor-widget-image a{display:inline-block}.elementor-widget-image a img[src$=\".svg\"]{width:48px}.elementor-widget-image img{vertical-align:middle;display:inline-block}<\/style>\t\t\t\t\t\t\t\t\t\t\t\t<img loading=\"lazy\" decoding=\"async\" width=\"1923\" height=\"2560\" src=\"https:\/\/vilagjegy.hu\/wp-content\/uploads\/2023\/08\/Kozos-kep.jpg-1-scaled.jpg\" class=\"attachment-full size-full wp-image-675\" alt=\"\" srcset=\"https:\/\/vilagjegy.hu\/wp-content\/uploads\/2023\/08\/Kozos-kep.jpg-1-scaled.jpg 1923w, https:\/\/vilagjegy.hu\/wp-content\/uploads\/2023\/08\/Kozos-kep.jpg-1-225x300.jpg 225w, https:\/\/vilagjegy.hu\/wp-content\/uploads\/2023\/08\/Kozos-kep.jpg-1-769x1024.jpg 769w, https:\/\/vilagjegy.hu\/wp-content\/uploads\/2023\/08\/Kozos-kep.jpg-1-768x1022.jpg 768w, https:\/\/vilagjegy.hu\/wp-content\/uploads\/2023\/08\/Kozos-kep.jpg-1-1154x1536.jpg 1154w, https:\/\/vilagjegy.hu\/wp-content\/uploads\/2023\/08\/Kozos-kep.jpg-1-1539x2048.jpg 1539w\" sizes=\"auto, (max-width: 1923px) 100vw, 1923px\" \/>\t\t\t\t\t\t\t\t\t\t\t\t\t\t\t<\/div>\n\t\t\t\t<\/div>\n\t\t\t\t\t<\/div>\n\t\t<\/div>\n\t\t\t\t\t\t\t<\/div>\n\t\t<\/section>\n\t\t\t\t<section class=\"elementor-section elementor-top-section elementor-element elementor-element-4a992763 elementor-section-boxed elementor-section-height-default elementor-section-height-default\" data-id=\"4a992763\" data-element_type=\"section\">\n\t\t\t\t\t\t<div class=\"elementor-container elementor-column-gap-default\">\n\t\t\t\t\t<div class=\"elementor-column elementor-col-100 elementor-top-column elementor-element elementor-element-75e7e78b\" data-id=\"75e7e78b\" data-element_type=\"column\">\n\t\t\t<div class=\"elementor-widget-wrap\">\n\t\t\t\t\t\t\t\t\t<\/div>\n\t\t<\/div>\n\t\t\t\t\t\t\t<\/div>\n\t\t<\/section>\n\t\t\t\t<section class=\"elementor-section elementor-top-section elementor-element elementor-element-1141259e elementor-section-content-middle elementor-section-boxed elementor-section-height-default elementor-section-height-default\" data-id=\"1141259e\" data-element_type=\"section\">\n\t\t\t\t\t\t<div class=\"elementor-container elementor-column-gap-default\">\n\t\t\t\t\t<div class=\"elementor-column elementor-col-50 elementor-top-column elementor-element elementor-element-4e627322\" data-id=\"4e627322\" data-element_type=\"column\">\n\t\t\t<div class=\"elementor-widget-wrap elementor-element-populated\">\n\t\t\t\t\t\t\t\t<div class=\"elementor-element elementor-element-362b4428 elementor-widget elementor-widget-image\" data-id=\"362b4428\" data-element_type=\"widget\" data-widget_type=\"image.default\">\n\t\t\t\t<div class=\"elementor-widget-container\">\n\t\t\t\t\t\t\t\t\t\t\t\t\t\t\t<img loading=\"lazy\" decoding=\"async\" width=\"1923\" height=\"2560\" src=\"https:\/\/vilagjegy.hu\/wp-content\/uploads\/2023\/08\/Kozos-kep.jpg-1-scaled.jpg\" class=\"attachment-full size-full wp-image-675\" alt=\"\" srcset=\"https:\/\/vilagjegy.hu\/wp-content\/uploads\/2023\/08\/Kozos-kep.jpg-1-scaled.jpg 1923w, https:\/\/vilagjegy.hu\/wp-content\/uploads\/2023\/08\/Kozos-kep.jpg-1-225x300.jpg 225w, https:\/\/vilagjegy.hu\/wp-content\/uploads\/2023\/08\/Kozos-kep.jpg-1-769x1024.jpg 769w, https:\/\/vilagjegy.hu\/wp-content\/uploads\/2023\/08\/Kozos-kep.jpg-1-768x1022.jpg 768w, https:\/\/vilagjegy.hu\/wp-content\/uploads\/2023\/08\/Kozos-kep.jpg-1-1154x1536.jpg 1154w, https:\/\/vilagjegy.hu\/wp-content\/uploads\/2023\/08\/Kozos-kep.jpg-1-1539x2048.jpg 1539w\" sizes=\"auto, (max-width: 1923px) 100vw, 1923px\" \/>\t\t\t\t\t\t\t\t\t\t\t\t\t\t\t<\/div>\n\t\t\t\t<\/div>\n\t\t\t\t\t<\/div>\n\t\t<\/div>\n\t\t\t\t<div class=\"elementor-column elementor-col-50 elementor-top-column elementor-element elementor-element-7f987ccd\" data-id=\"7f987ccd\" data-element_type=\"column\">\n\t\t\t<div class=\"elementor-widget-wrap elementor-element-populated\">\n\t\t\t\t\t\t\t\t<div class=\"elementor-element elementor-element-732c9e3a elementor-widget elementor-widget-heading\" data-id=\"732c9e3a\" data-element_type=\"widget\" data-widget_type=\"heading.default\">\n\t\t\t\t<div class=\"elementor-widget-container\">\n\t\t\t<h2 class=\"elementor-heading-title elementor-size-default\">Mi ez az oldal \u00e9s kik ezek a nyulak? <\/h2>\t\t<\/div>\n\t\t\t\t<\/div>\n\t\t\t\t<div class=\"elementor-element elementor-element-8d352c3 elementor-widget elementor-widget-text-editor\" data-id=\"8d352c3\" data-element_type=\"widget\" data-widget_type=\"text-editor.default\">\n\t\t\t\t<div class=\"elementor-widget-container\">\n\t\t\t\t\t\t\t<p><span style=\"font-weight: 400;\">A vil\u00e1g k\u00f6r\u00fcl sajnos m\u00e9g el\u00e9g er\u0151s kifejez\u00e9s, mivel csak a ny\u00falneveld\u00e9nk vezet\u0151je hagyta el eddig kontinens\u00fcnket, de minden v\u00e1gyunk \u00e9s legf\u0151bb c\u00e9lunk az, hogy m\u00e9g ebben az \u00e9let\u00fcnkben beutazzuk a vil\u00e1got, legal\u00e1bb is min\u00e9l t\u00f6bbet l\u00e1ssunk bel\u0151le. Mindkett\u0151nk sz\u00e1m\u00e1ra az utaz\u00e1s, a vil\u00e1g orsz\u00e1gainak, kult\u00far\u00e1inak megismer\u00e9se az egyik legfontosabb \u00e9letc\u00e9lja, ha nem a legfontosabb.. Fiatal h\u00e1zasok vagyunk, m\u00e1rmint a h\u00e1zass\u00e1gunk fiatal, m\u00e9g csak n\u00e9h\u00e1ny \u00e9ves, de mi, a r\u00e9szvet\u0151i m\u00e1r a negyvenes \u00e9veinket tapossuk: ki az elej\u00e9t, ki a v\u00e9g\u00e9t.. \ud83d\ude00<\/span><\/p><p><span style=\"font-weight: 400;\">\u00c9s hisz\u00fcnk benne, hogy ebbe m\u00e9g rengeteg minden belef\u00e9rhet. 7 \u00e9ve ismerj\u00fck egym\u00e1st \u00e9s mindegyik k\u00f6z\u00f6s \u00e9v\u00fcnkben siker\u00fclt t\u00f6bbsz\u00f6r is utaznunk, igen, m\u00e9g a Covid alatt is <\/span><span style=\"font-weight: 400;\">\u263a<\/span><span style=\"font-weight: 400;\"> igyeksz\u00fcnk egy \u00e9vben t\u00f6bbsz\u00f6r is \u00fatra kelni, egy-k\u00e9t t\u00f6bbnapos, nagyobb l\u00e9pt\u00e9k\u0171 v\u00e1ltakozik a csak p\u00e1r napos belf\u00f6ldi &#8211; k\u00fclf\u00f6ldivel. Volt olyan nyarunk, hogy el sem kellett pakolni az utaz\u00f3 holminkat, csak friss\u00edteni, mert kicsit hazaj\u00f6tt\u00fcnk, dolgoztunk, azt\u00e1n \u00fatra kelt\u00fcnk ism\u00e9t. Na \u00edgy szeretn\u00e9nk \u00e9lni, ha lehet eg\u00e9sz \u00e9vben. Bizony\u00e1ra sokatokn\u00e1l egyb\u0151l bekapcsol, a mib\u0151l? Az sem titok, \u00e9s sz\u00edvesen megosztjuk, tippeket is adunk, ez\u00e9rt is hoztuk l\u00e9tre ezt a blogot. J\u00f3, f\u0151k\u00e9nt az motiv\u00e1lt, pl\u00e1ne engem, hogy a kis ny\u00falagyamat ne kelljen terhelnem ennyi inf\u00f3 t\u00e1rol\u00e1s\u00e1val, hanem sz\u00e9pen, rendszerezve legyenek el\u00e9rhet\u0151ek az eml\u00e9keim. Sz\u00f3val feled\u00e9keny vagyok na \ud83d\ude00 De itt van Henrik, akinek meg olyan mem\u00f3ri\u00e1ja van, mint egy kiselef\u00e1ntnak \u00e9s k\u00e9szs\u00e9ggel v\u00e1laszol az olyan t\u00edpus\u00fa k\u00e9rd\u00e9seimre, hogy X v\u00e1rosban \u00e9n j\u00e1rtam? Igen? \u00c9s mit l\u00e1ttam ott? \u2013 \u00e9s seg\u00edt, m\u00e9g akkor is, ha kir\u00f6h\u00f6g \ud83d\ude00 nem, nincs korai demenci\u00e1m, sem alzheimerem, rem\u00e9lem nem is kapok ilyen kih\u00edv\u00e1sokat, csak szimpl\u00e1n adhd-s vagyok, \u00e9s rengeteg processz fut \u00e1lland\u00f3an, \u00edgy n\u00e9ha neh\u00e9z kiv\u00e1logatni a helyszeneket, esem\u00e9nyeket \ud83d\ude00\u00a0<\/span><\/p><p><span style=\"font-weight: 400;\">A mib\u0151l k\u00e9rd\u00e9sre visszat\u00e9rve: nem vagyunk a fels\u0151 t\u00edzezer tagja, szeretj\u00fck azt hinni, hogy k\u00f6z\u00e9poszt\u00e1lybeliek, de tulajdonk\u00e9ppen az is csak \u00f6n\u00e1m\u00edt\u00e1s, maximum eduk\u00e1ci\u00f3s \u00e9s m\u0171velts\u00e9gi szempontb\u00f3l vagyunk tartozunk a k\u00f6z\u00e9poszt\u00e1lyhoz, egy\u00e9bk\u00e9nt meg ma Magyarorsz\u00e1gon az, amivel mi rendelkez\u00fcnk, anyagi javak, ingatlanuk \u00e9s ing\u00f3s\u00e1sok, azaz ezek nem l\u00e9te, az j\u00f3indulattal is csak az als\u00f3 k\u00f6z\u00e9poszt\u00e1lyt s\u00farolja. B\u00e1r \u00e9n szeretek meg tudok is sznobkodni, kicsit elitista is vagyok, de megeszem a lidles parizert, \u00e9s mindegy milyen aut\u00f3val j\u00e1rok, csak m\u0171k\u00f6dj\u00f6n, meg olcs\u00f3 legyen a fenntart\u00e1sa. Nem n\u00e9lk\u00fcl\u00f6z\u00fcnk, van mit enn\u00fcnk, felvenn\u00fcnk, vannak j\u00e1rm\u0171veink, van sz\u00e9p kertes lak\u00e1sunk, amit k\u00f6z\u00f6sen b\u00e9rel\u00fcnk, mi\u00f3ta egy\u00fctt vagyunk, \u00e9s saj\u00e1tunk\u00e9t szeretj\u00fck, rendezz\u00fck, a tulajdonosokkal teljes egyet\u00e9rt\u00e9sben. Vannak hiteleink, befektet\u00e9seink, v\u00e1llalkoz\u00e1saink, vannak befuccsolt \u00f6tleteink, projektjeink, meg vannak sikeresebbek, emellett mindketten dolgozunk, viszonylag rugalmas beoszt\u00e1sban, \u00e9n a p\u00e9nz\u00fcgyi szektorban, m\u00e1sik felem meg szakmunk\u00e1ban, fest \u00e9s asztaloskodik, ami mellett pr\u00f3b\u00e1lja a kreat\u00edv, alkot\u00f3 energi\u00e1it is ki\u00e9lni \u00e9s megval\u00f3s\u00edtani kisb\u00fatorok \u00e9s design t\u00e1rgyak form\u00e1j\u00e1ban. Sz\u00f3val van rendszeres meg rendszertelen j\u00f6vedelm\u00fcnk is, az \u00e1tlaghoz k\u00e9pest jobban keres\u00fcnk, \u00e9s igyeksz\u00fcnk j\u00f3l beosztani, sajnos \u00edgy is kev\u00e9s, de utaz\u00e1sra mindig \u00e1ldozunk, vagyis nem \u00e1ldozat. A csal\u00e1dunk is sok mindenben t\u00e1mogat minket. Gyerek\u00fcnk nincs, azzal mondjuk el\u00e9g sokat tudunk sp\u00f3rolni, az \u00f6kol\u00f3giai l\u00e1bnyomunk is l\u00e9nyegesen kisebb, meg nem utols\u00f3 sorban sokkal rugalmasabbak \u00e9s spont\u00e1nabban vagyunk.<\/span><\/p><p><span style=\"font-weight: 400;\">A nem r\u00f6vid bevezet\u0151met m\u00e9g hosszasan tudn\u00e1m cizell\u00e1lni, de arra majd ink\u00e1bb egy k\u00fcl\u00f6n vil\u00e1gn\u00e9zeti moraliz\u00e1l\u00f3 blogot ind\u00edtok ink\u00e1bb \ud83d\ude00 magyar\u00e1n legink\u00e1bb utaz\u00e1sra k\u00f6lt\u00fcnk, \u00e9s azok sem luxusutak, eddig ig\u00e9ny\u00fcnk sem volt all inclusive t\u00edpus\u00fa egyhetes sz\u00e1llodai tart\u00f3zkod\u00e1sra, manaps\u00e1g m\u00e1r nem tartom kiz\u00e1rtnak, hogy hamarosan azt is bev\u00e1llaljuk \u2013 amennyiben olyan helyen van, ahol sok a l\u00e1tnival\u00f3 a k\u00f6rny\u00e9ken. Saj\u00e1t szervez\u00e9sben utazunk mindig, \u00e9s sz\u00e1nunk id\u0151t arra, hogy megtal\u00e1ljuk a megfelel\u0151 k\u00f6zleked\u00e9si eszk\u00f6zt az adott helyre, illetve a k\u00f6rny\u00e9k bej\u00e1r\u00e1s\u00e1hoz, sz\u00e1ll\u00e1sfoglal\u00e1sokn\u00e1l a f\u0151 szempont a tisztas\u00e1g \u00e9s a j\u00f3 elhelyezked\u00e9s, ha t\u00f6bb napos a tart\u00f3zkod\u00e1sunk, akkor a felszerelts\u00e9g is, de egy-egy \u00e9jszak\u00e1ra nagyj\u00e1b\u00f3l mindegy. Van, hogy az\u00e9rt utazunk\/vesz\u00fcnk meg repjegyet, mert tal\u00e1ltam valami nagy akci\u00f3t, azt\u00e1n majd lesz valahogy alapon nekiindulunk a szervez\u00e9snek, tervez\u00e9snek.\u00a0<\/span><\/p><p><span style=\"font-weight: 400;\">A \u00fatinapl\u00f3nk elind\u00edt\u00e1s\u00e1nak aprop\u00f3j\u00e1t is az a csod\u00e1s esem\u00e9ny adta, hogy 2023 tavasz\u00e1n siker\u00fcl majd\u2019 egy h\u00f3napon kereszt\u00fcl vonattal bej\u00e1rni Eur\u00f3pa j\u00f3 n\u00e9h\u00e1ny orsz\u00e1g\u00e1t, ami szint\u00e9n egy spont\u00e1n d\u00f6nt\u00e9s alapj\u00e1n indult. A k\u00f6vetkez\u0151kben ezt osztjuk meg Veletek.<\/span><\/p>\t\t\t\t\t\t<\/div>\n\t\t\t\t<\/div>\n\t\t\t\t\t<\/div>\n\t\t<\/div>\n\t\t\t\t\t\t\t<\/div>\n\t\t<\/section>\n\t\t\t\t<section class=\"elementor-section elementor-top-section elementor-element elementor-element-1a41f296 elementor-section-boxed elementor-section-height-default elementor-section-height-default\" data-id=\"1a41f296\" data-element_type=\"section\">\n\t\t\t\t\t\t<div class=\"elementor-container elementor-column-gap-default\">\n\t\t\t\t\t<div class=\"elementor-column elementor-col-100 elementor-top-column elementor-element elementor-element-154b245e\" data-id=\"154b245e\" data-element_type=\"column\">\n\t\t\t<div class=\"elementor-widget-wrap\">\n\t\t\t\t\t\t\t\t\t<\/div>\n\t\t<\/div>\n\t\t\t\t\t\t\t<\/div>\n\t\t<\/section>\n\t\t\t\t<section class=\"elementor-section elementor-top-section elementor-element elementor-element-3b6cf323 elementor-section-full_width elementor-section-height-min-height elementor-section-items-stretch elementor-section-content-middle elementor-section-height-default\" data-id=\"3b6cf323\" data-element_type=\"section\">\n\t\t\t\t\t\t<div class=\"elementor-container elementor-column-gap-no\">\n\t\t\t\t\t<div class=\"elementor-column elementor-col-50 elementor-top-column elementor-element elementor-element-6d7511f4\" data-id=\"6d7511f4\" data-element_type=\"column\" data-settings=\"{&quot;background_background&quot;:&quot;classic&quot;}\">\n\t\t\t<div class=\"elementor-widget-wrap elementor-element-populated\">\n\t\t\t\t\t\t\t\t<div class=\"elementor-element elementor-element-6b2c7592 elementor-widget elementor-widget-spacer\" data-id=\"6b2c7592\" data-element_type=\"widget\" data-widget_type=\"spacer.default\">\n\t\t\t\t<div class=\"elementor-widget-container\">\n\t\t\t<style>\/*! elementor - v3.12.1 - 02-04-2023 *\/\n.elementor-column .elementor-spacer-inner{height:var(--spacer-size)}.e-con{--container-widget-width:100%}.e-con-inner>.elementor-widget-spacer,.e-con>.elementor-widget-spacer{width:var(--container-widget-width,var(--spacer-size));--align-self:var(--container-widget-align-self,initial);--flex-shrink:0}.e-con-inner>.elementor-widget-spacer>.elementor-widget-container,.e-con-inner>.elementor-widget-spacer>.elementor-widget-container>.elementor-spacer,.e-con>.elementor-widget-spacer>.elementor-widget-container,.e-con>.elementor-widget-spacer>.elementor-widget-container>.elementor-spacer{height:100%}.e-con-inner>.elementor-widget-spacer>.elementor-widget-container>.elementor-spacer>.elementor-spacer-inner,.e-con>.elementor-widget-spacer>.elementor-widget-container>.elementor-spacer>.elementor-spacer-inner{height:var(--container-widget-height,var(--spacer-size))}<\/style>\t\t<div class=\"elementor-spacer\">\n\t\t\t<div class=\"elementor-spacer-inner\"><\/div>\n\t\t<\/div>\n\t\t\t\t<\/div>\n\t\t\t\t<\/div>\n\t\t\t\t\t<\/div>\n\t\t<\/div>\n\t\t\t\t<div class=\"elementor-column elementor-col-50 elementor-top-column elementor-element elementor-element-1e247e05\" data-id=\"1e247e05\" data-element_type=\"column\">\n\t\t\t<div class=\"elementor-widget-wrap elementor-element-populated\">\n\t\t\t\t\t\t\t\t<div class=\"elementor-element elementor-element-6baf2dd0 elementor-widget elementor-widget-heading\" data-id=\"6baf2dd0\" data-element_type=\"widget\" data-widget_type=\"heading.default\">\n\t\t\t\t<div class=\"elementor-widget-container\">\n\t\t\t<h2 class=\"elementor-heading-title elementor-size-default\">Mi ez az oldal \u00e9s kik ezek a nyulak?<\/h2>\t\t<\/div>\n\t\t\t\t<\/div>\n\t\t\t\t<div class=\"elementor-element elementor-element-28b9cb47 elementor-widget elementor-widget-text-editor\" data-id=\"28b9cb47\" data-element_type=\"widget\" data-widget_type=\"text-editor.default\">\n\t\t\t\t<div class=\"elementor-widget-container\">\n\t\t\t\t\t\t\t<p><span style=\"font-weight: 400;\">A vil\u00e1g k\u00f6r\u00fcl sajnos m\u00e9g el\u00e9g er\u0151s kifejez\u00e9s, mivel csak a ny\u00falneveld\u00e9nk vezet\u0151je hagyta el eddig kontinens\u00fcnket, de minden v\u00e1gyunk \u00e9s legf\u0151bb c\u00e9lunk az, hogy m\u00e9g ebben az \u00e9let\u00fcnkben beutazzuk a vil\u00e1got, legal\u00e1bb is min\u00e9l t\u00f6bbet l\u00e1ssunk bel\u0151le. Mindkett\u0151nk sz\u00e1m\u00e1ra az utaz\u00e1s, a vil\u00e1g orsz\u00e1gainak, kult\u00far\u00e1inak megismer\u00e9se az egyik legfontosabb \u00e9letc\u00e9lja, ha nem a legfontosabb.. Fiatal h\u00e1zasok vagyunk, m\u00e1rmint a h\u00e1zass\u00e1gunk fiatal, m\u00e9g csak n\u00e9h\u00e1ny \u00e9ves, de mi, a r\u00e9szvet\u0151i m\u00e1r a negyvenes \u00e9veinket tapossuk: ki az elej\u00e9t, ki a v\u00e9g\u00e9t.. \ud83d\ude00<\/span><\/p><p><span style=\"font-weight: 400;\">\u00c9s hisz\u00fcnk benne, hogy ebbe m\u00e9g rengeteg minden belef\u00e9rhet. 7 \u00e9ve ismerj\u00fck egym\u00e1st \u00e9s mindegyik k\u00f6z\u00f6s \u00e9v\u00fcnkben siker\u00fclt t\u00f6bbsz\u00f6r is utaznunk, igen, m\u00e9g a Covid alatt is <\/span><span style=\"font-weight: 400;\">\u263a<\/span><span style=\"font-weight: 400;\"> igyeksz\u00fcnk egy \u00e9vben t\u00f6bbsz\u00f6r is \u00fatra kelni, egy-k\u00e9t t\u00f6bbnapos, nagyobb l\u00e9pt\u00e9k\u0171 v\u00e1ltakozik a csak p\u00e1r napos belf\u00f6ldi &#8211; k\u00fclf\u00f6ldivel. Volt olyan nyarunk, hogy el sem kellett pakolni az utaz\u00f3 holminkat, csak friss\u00edteni, mert kicsit hazaj\u00f6tt\u00fcnk, dolgoztunk, azt\u00e1n \u00fatra kelt\u00fcnk ism\u00e9t. Na \u00edgy szeretn\u00e9nk \u00e9lni, ha lehet eg\u00e9sz \u00e9vben. Bizony\u00e1ra sokatokn\u00e1l egyb\u0151l bekapcsol, a mib\u0151l? Az sem titok, \u00e9s sz\u00edvesen megosztjuk, tippeket is adunk, ez\u00e9rt is hoztuk l\u00e9tre ezt a blogot. J\u00f3, f\u0151k\u00e9nt az motiv\u00e1lt, pl\u00e1ne engem, hogy a kis ny\u00falagyamat ne kelljen terhelnem ennyi inf\u00f3 t\u00e1rol\u00e1s\u00e1val, hanem sz\u00e9pen, rendszerezve legyenek el\u00e9rhet\u0151ek az eml\u00e9keim. Sz\u00f3val feled\u00e9keny vagyok na \ud83d\ude00 De itt van Henrik, akinek meg olyan mem\u00f3ri\u00e1ja van, mint egy kiselef\u00e1ntnak \u00e9s k\u00e9szs\u00e9ggel v\u00e1laszol az olyan t\u00edpus\u00fa k\u00e9rd\u00e9seimre, hogy X v\u00e1rosban \u00e9n j\u00e1rtam? Igen? \u00c9s mit l\u00e1ttam ott? \u2013 \u00e9s seg\u00edt, m\u00e9g akkor is, ha kir\u00f6h\u00f6g \ud83d\ude00 nem, nincs korai demenci\u00e1m, sem alzheimerem, rem\u00e9lem nem is kapok ilyen kih\u00edv\u00e1sokat, csak szimpl\u00e1n adhd-s vagyok, \u00e9s rengeteg processz fut \u00e1lland\u00f3an, \u00edgy n\u00e9ha neh\u00e9z kiv\u00e1logatni a helyszeneket, esem\u00e9nyeket \ud83d\ude00\u00a0<\/span><\/p><p><span style=\"font-weight: 400;\">A mib\u0151l k\u00e9rd\u00e9sre visszat\u00e9rve: nem vagyunk a fels\u0151 t\u00edzezer tagja, szeretj\u00fck azt hinni, hogy k\u00f6z\u00e9poszt\u00e1lybeliek, de tulajdonk\u00e9ppen az is csak \u00f6n\u00e1m\u00edt\u00e1s, maximum eduk\u00e1ci\u00f3s \u00e9s m\u0171velts\u00e9gi szempontb\u00f3l vagyunk tartozunk a k\u00f6z\u00e9poszt\u00e1lyhoz, egy\u00e9bk\u00e9nt meg ma Magyarorsz\u00e1gon az, amivel mi rendelkez\u00fcnk, anyagi javak, ingatlanuk \u00e9s ing\u00f3s\u00e1sok, azaz ezek nem l\u00e9te, az j\u00f3indulattal is csak az als\u00f3 k\u00f6z\u00e9poszt\u00e1lyt s\u00farolja. B\u00e1r \u00e9n szeretek meg tudok is sznobkodni, kicsit elitista is vagyok, de megeszem a lidles parizert, \u00e9s mindegy milyen aut\u00f3val j\u00e1rok, csak m\u0171k\u00f6dj\u00f6n, meg olcs\u00f3 legyen a fenntart\u00e1sa. Nem n\u00e9lk\u00fcl\u00f6z\u00fcnk, van mit enn\u00fcnk, felvenn\u00fcnk, vannak j\u00e1rm\u0171veink, van sz\u00e9p kertes lak\u00e1sunk, amit k\u00f6z\u00f6sen b\u00e9rel\u00fcnk, mi\u00f3ta egy\u00fctt vagyunk, \u00e9s saj\u00e1tunk\u00e9t szeretj\u00fck, rendezz\u00fck, a tulajdonosokkal teljes egyet\u00e9rt\u00e9sben. Vannak hiteleink, befektet\u00e9seink, v\u00e1llalkoz\u00e1saink, vannak befuccsolt \u00f6tleteink, projektjeink, meg vannak sikeresebbek, emellett mindketten dolgozunk, viszonylag rugalmas beoszt\u00e1sban, \u00e9n a p\u00e9nz\u00fcgyi szektorban, m\u00e1sik felem meg szakmunk\u00e1ban, fest \u00e9s asztaloskodik, ami mellett pr\u00f3b\u00e1lja a kreat\u00edv, alkot\u00f3 energi\u00e1it is ki\u00e9lni \u00e9s megval\u00f3s\u00edtani kisb\u00fatorok \u00e9s design t\u00e1rgyak form\u00e1j\u00e1ban. Sz\u00f3val van rendszeres meg rendszertelen j\u00f6vedelm\u00fcnk is, az \u00e1tlaghoz k\u00e9pest jobban keres\u00fcnk, \u00e9s igyeksz\u00fcnk j\u00f3l beosztani, sajnos \u00edgy is kev\u00e9s, de utaz\u00e1sra mindig \u00e1ldozunk, vagyis nem \u00e1ldozat. A csal\u00e1dunk is sok mindenben t\u00e1mogat minket. Gyerek\u00fcnk nincs, azzal mondjuk el\u00e9g sokat tudunk sp\u00f3rolni, az \u00f6kol\u00f3giai l\u00e1bnyomunk is l\u00e9nyegesen kisebb, meg nem utols\u00f3 sorban sokkal rugalmasabbak \u00e9s spont\u00e1nabban vagyunk.<\/span><\/p><p><span style=\"font-weight: 400;\">A nem r\u00f6vid bevezet\u0151met m\u00e9g hosszasan tudn\u00e1m cizell\u00e1lni, de arra majd ink\u00e1bb egy k\u00fcl\u00f6n vil\u00e1gn\u00e9zeti moraliz\u00e1l\u00f3 blogot ind\u00edtok ink\u00e1bb \ud83d\ude00 magyar\u00e1n legink\u00e1bb utaz\u00e1sra k\u00f6lt\u00fcnk, \u00e9s azok sem luxusutak, eddig ig\u00e9ny\u00fcnk sem volt all inclusive t\u00edpus\u00fa egyhetes sz\u00e1llodai tart\u00f3zkod\u00e1sra, manaps\u00e1g m\u00e1r nem tartom kiz\u00e1rtnak, hogy hamarosan azt is bev\u00e1llaljuk \u2013 amennyiben olyan helyen van, ahol sok a l\u00e1tnival\u00f3 a k\u00f6rny\u00e9ken. Saj\u00e1t szervez\u00e9sben utazunk mindig, \u00e9s sz\u00e1nunk id\u0151t arra, hogy megtal\u00e1ljuk a megfelel\u0151 k\u00f6zleked\u00e9si eszk\u00f6zt az adott helyre, illetve a k\u00f6rny\u00e9k bej\u00e1r\u00e1s\u00e1hoz, sz\u00e1ll\u00e1sfoglal\u00e1sokn\u00e1l a f\u0151 szempont a tisztas\u00e1g \u00e9s a j\u00f3 elhelyezked\u00e9s, ha t\u00f6bb napos a tart\u00f3zkod\u00e1sunk, akkor a felszerelts\u00e9g is, de egy-egy \u00e9jszak\u00e1ra nagyj\u00e1b\u00f3l mindegy. Van, hogy az\u00e9rt utazunk\/vesz\u00fcnk meg repjegyet, mert tal\u00e1ltam valami nagy akci\u00f3t, azt\u00e1n majd lesz valahogy alapon nekiindulunk a szervez\u00e9snek, tervez\u00e9snek.\u00a0<\/span><\/p><p><span style=\"font-weight: 400;\">A \u00fatinapl\u00f3nk elind\u00edt\u00e1s\u00e1nak aprop\u00f3j\u00e1t is az a csod\u00e1s esem\u00e9ny adta, hogy 2023 tavasz\u00e1n siker\u00fcl majd\u2019 egy h\u00f3napon kereszt\u00fcl vonattal bej\u00e1rni Eur\u00f3pa j\u00f3 n\u00e9h\u00e1ny orsz\u00e1g\u00e1t, ami szint\u00e9n egy spont\u00e1n d\u00f6nt\u00e9s alapj\u00e1n indult. A k\u00f6vetkez\u0151kben ezt osztjuk meg Veletek.<\/span><\/p>\t\t\t\t\t\t<\/div>\n\t\t\t\t<\/div>\n\t\t\t\t\t<\/div>\n\t\t<\/div>\n\t\t\t\t\t\t\t<\/div>\n\t\t<\/section>\n\t\t\t\t<section class=\"elementor-section elementor-top-section elementor-element elementor-element-1e1591f elementor-section-full_width elementor-section-height-min-height elementor-section-items-stretch elementor-section-content-middle elementor-reverse-mobile elementor-section-height-default\" data-id=\"1e1591f\" data-element_type=\"section\">\n\t\t\t\t\t\t<div class=\"elementor-container elementor-column-gap-no\">\n\t\t\t\t\t<div class=\"elementor-column elementor-col-50 elementor-top-column elementor-element elementor-element-3dc6461c\" data-id=\"3dc6461c\" data-element_type=\"column\">\n\t\t\t<div class=\"elementor-widget-wrap elementor-element-populated\">\n\t\t\t\t\t\t\t\t<div class=\"elementor-element elementor-element-1355319e elementor-widget elementor-widget-heading\" data-id=\"1355319e\" data-element_type=\"widget\" data-widget_type=\"heading.default\">\n\t\t\t\t<div class=\"elementor-widget-container\">\n\t\t\t<h2 class=\"elementor-heading-title elementor-size-default\">Mi ez az oldal \u00e9s kik ezek a nyulak?<\/h2>\t\t<\/div>\n\t\t\t\t<\/div>\n\t\t\t\t<div class=\"elementor-element elementor-element-3148da5b elementor-widget elementor-widget-text-editor\" data-id=\"3148da5b\" data-element_type=\"widget\" data-widget_type=\"text-editor.default\">\n\t\t\t\t<div class=\"elementor-widget-container\">\n\t\t\t\t\t\t\t<p><span style=\"font-weight: 400;\">A vil\u00e1g k\u00f6r\u00fcl sajnos m\u00e9g el\u00e9g er\u0151s kifejez\u00e9s, mivel csak a ny\u00falneveld\u00e9nk vezet\u0151je hagyta el eddig kontinens\u00fcnket, de minden v\u00e1gyunk \u00e9s legf\u0151bb c\u00e9lunk az, hogy m\u00e9g ebben az \u00e9let\u00fcnkben beutazzuk a vil\u00e1got, legal\u00e1bb is min\u00e9l t\u00f6bbet l\u00e1ssunk bel\u0151le. Mindkett\u0151nk sz\u00e1m\u00e1ra az utaz\u00e1s, a vil\u00e1g orsz\u00e1gainak, kult\u00far\u00e1inak megismer\u00e9se az egyik legfontosabb \u00e9letc\u00e9lja, ha nem a legfontosabb.. Fiatal h\u00e1zasok vagyunk, m\u00e1rmint a h\u00e1zass\u00e1gunk fiatal, m\u00e9g csak n\u00e9h\u00e1ny \u00e9ves, de mi, a r\u00e9szvet\u0151i m\u00e1r a negyvenes \u00e9veinket tapossuk: ki az elej\u00e9t, ki a v\u00e9g\u00e9t.. \ud83d\ude00<\/span><\/p><p><span style=\"font-weight: 400;\">\u00c9s hisz\u00fcnk benne, hogy ebbe m\u00e9g rengeteg minden belef\u00e9rhet. 7 \u00e9ve ismerj\u00fck egym\u00e1st \u00e9s mindegyik k\u00f6z\u00f6s \u00e9v\u00fcnkben siker\u00fclt t\u00f6bbsz\u00f6r is utaznunk, igen, m\u00e9g a Covid alatt is <\/span><span style=\"font-weight: 400;\">\u263a<\/span><span style=\"font-weight: 400;\"> igyeksz\u00fcnk egy \u00e9vben t\u00f6bbsz\u00f6r is \u00fatra kelni, egy-k\u00e9t t\u00f6bbnapos, nagyobb l\u00e9pt\u00e9k\u0171 v\u00e1ltakozik a csak p\u00e1r napos belf\u00f6ldi &#8211; k\u00fclf\u00f6ldivel. Volt olyan nyarunk, hogy el sem kellett pakolni az utaz\u00f3 holminkat, csak friss\u00edteni, mert kicsit hazaj\u00f6tt\u00fcnk, dolgoztunk, azt\u00e1n \u00fatra kelt\u00fcnk ism\u00e9t. Na \u00edgy szeretn\u00e9nk \u00e9lni, ha lehet eg\u00e9sz \u00e9vben. Bizony\u00e1ra sokatokn\u00e1l egyb\u0151l bekapcsol, a mib\u0151l? Az sem titok, \u00e9s sz\u00edvesen megosztjuk, tippeket is adunk, ez\u00e9rt is hoztuk l\u00e9tre ezt a blogot. J\u00f3, f\u0151k\u00e9nt az motiv\u00e1lt, pl\u00e1ne engem, hogy a kis ny\u00falagyamat ne kelljen terhelnem ennyi inf\u00f3 t\u00e1rol\u00e1s\u00e1val, hanem sz\u00e9pen, rendszerezve legyenek el\u00e9rhet\u0151ek az eml\u00e9keim. Sz\u00f3val feled\u00e9keny vagyok na \ud83d\ude00 De itt van Henrik, akinek meg olyan mem\u00f3ri\u00e1ja van, mint egy kiselef\u00e1ntnak \u00e9s k\u00e9szs\u00e9ggel v\u00e1laszol az olyan t\u00edpus\u00fa k\u00e9rd\u00e9seimre, hogy X v\u00e1rosban \u00e9n j\u00e1rtam? Igen? \u00c9s mit l\u00e1ttam ott? \u2013 \u00e9s seg\u00edt, m\u00e9g akkor is, ha kir\u00f6h\u00f6g \ud83d\ude00 nem, nincs korai demenci\u00e1m, sem alzheimerem, rem\u00e9lem nem is kapok ilyen kih\u00edv\u00e1sokat, csak szimpl\u00e1n adhd-s vagyok, \u00e9s rengeteg processz fut \u00e1lland\u00f3an, \u00edgy n\u00e9ha neh\u00e9z kiv\u00e1logatni a helyszeneket, esem\u00e9nyeket \ud83d\ude00\u00a0<\/span><\/p><p><span style=\"font-weight: 400;\">A mib\u0151l k\u00e9rd\u00e9sre visszat\u00e9rve: nem vagyunk a fels\u0151 t\u00edzezer tagja, szeretj\u00fck azt hinni, hogy k\u00f6z\u00e9poszt\u00e1lybeliek, de tulajdonk\u00e9ppen az is csak \u00f6n\u00e1m\u00edt\u00e1s, maximum eduk\u00e1ci\u00f3s \u00e9s m\u0171velts\u00e9gi szempontb\u00f3l vagyunk tartozunk a k\u00f6z\u00e9poszt\u00e1lyhoz, egy\u00e9bk\u00e9nt meg ma Magyarorsz\u00e1gon az, amivel mi rendelkez\u00fcnk, anyagi javak, ingatlanuk \u00e9s ing\u00f3s\u00e1sok, azaz ezek nem l\u00e9te, az j\u00f3indulattal is csak az als\u00f3 k\u00f6z\u00e9poszt\u00e1lyt s\u00farolja. B\u00e1r \u00e9n szeretek meg tudok is sznobkodni, kicsit elitista is vagyok, de megeszem a lidles parizert, \u00e9s mindegy milyen aut\u00f3val j\u00e1rok, csak m\u0171k\u00f6dj\u00f6n, meg olcs\u00f3 legyen a fenntart\u00e1sa. Nem n\u00e9lk\u00fcl\u00f6z\u00fcnk, van mit enn\u00fcnk, felvenn\u00fcnk, vannak j\u00e1rm\u0171veink, van sz\u00e9p kertes lak\u00e1sunk, amit k\u00f6z\u00f6sen b\u00e9rel\u00fcnk, mi\u00f3ta egy\u00fctt vagyunk, \u00e9s saj\u00e1tunk\u00e9t szeretj\u00fck, rendezz\u00fck, a tulajdonosokkal teljes egyet\u00e9rt\u00e9sben. Vannak hiteleink, befektet\u00e9seink, v\u00e1llalkoz\u00e1saink, vannak befuccsolt \u00f6tleteink, projektjeink, meg vannak sikeresebbek, emellett mindketten dolgozunk, viszonylag rugalmas beoszt\u00e1sban, \u00e9n a p\u00e9nz\u00fcgyi szektorban, m\u00e1sik felem meg szakmunk\u00e1ban, fest \u00e9s asztaloskodik, ami mellett pr\u00f3b\u00e1lja a kreat\u00edv, alkot\u00f3 energi\u00e1it is ki\u00e9lni \u00e9s megval\u00f3s\u00edtani kisb\u00fatorok \u00e9s design t\u00e1rgyak form\u00e1j\u00e1ban. Sz\u00f3val van rendszeres meg rendszertelen j\u00f6vedelm\u00fcnk is, az \u00e1tlaghoz k\u00e9pest jobban keres\u00fcnk, \u00e9s igyeksz\u00fcnk j\u00f3l beosztani, sajnos \u00edgy is kev\u00e9s, de utaz\u00e1sra mindig \u00e1ldozunk, vagyis nem \u00e1ldozat. A csal\u00e1dunk is sok mindenben t\u00e1mogat minket. Gyerek\u00fcnk nincs, azzal mondjuk el\u00e9g sokat tudunk sp\u00f3rolni, az \u00f6kol\u00f3giai l\u00e1bnyomunk is l\u00e9nyegesen kisebb, meg nem utols\u00f3 sorban sokkal rugalmasabbak \u00e9s spont\u00e1nabban vagyunk.<\/span><\/p><p><span style=\"font-weight: 400;\">A nem r\u00f6vid bevezet\u0151met m\u00e9g hosszasan tudn\u00e1m cizell\u00e1lni, de arra majd ink\u00e1bb egy k\u00fcl\u00f6n vil\u00e1gn\u00e9zeti moraliz\u00e1l\u00f3 blogot ind\u00edtok ink\u00e1bb \ud83d\ude00 magyar\u00e1n legink\u00e1bb utaz\u00e1sra k\u00f6lt\u00fcnk, \u00e9s azok sem luxusutak, eddig ig\u00e9ny\u00fcnk sem volt all inclusive t\u00edpus\u00fa egyhetes sz\u00e1llodai tart\u00f3zkod\u00e1sra, manaps\u00e1g m\u00e1r nem tartom kiz\u00e1rtnak, hogy hamarosan azt is bev\u00e1llaljuk \u2013 amennyiben olyan helyen van, ahol sok a l\u00e1tnival\u00f3 a k\u00f6rny\u00e9ken. Saj\u00e1t szervez\u00e9sben utazunk mindig, \u00e9s sz\u00e1nunk id\u0151t arra, hogy megtal\u00e1ljuk a megfelel\u0151 k\u00f6zleked\u00e9si eszk\u00f6zt az adott helyre, illetve a k\u00f6rny\u00e9k bej\u00e1r\u00e1s\u00e1hoz, sz\u00e1ll\u00e1sfoglal\u00e1sokn\u00e1l a f\u0151 szempont a tisztas\u00e1g \u00e9s a j\u00f3 elhelyezked\u00e9s, ha t\u00f6bb napos a tart\u00f3zkod\u00e1sunk, akkor a felszerelts\u00e9g is, de egy-egy \u00e9jszak\u00e1ra nagyj\u00e1b\u00f3l mindegy. Van, hogy az\u00e9rt utazunk\/vesz\u00fcnk meg repjegyet, mert tal\u00e1ltam valami nagy akci\u00f3t, azt\u00e1n majd lesz valahogy alapon nekiindulunk a szervez\u00e9snek, tervez\u00e9snek.\u00a0<\/span><\/p><p><span style=\"font-weight: 400;\">A \u00fatinapl\u00f3nk elind\u00edt\u00e1s\u00e1nak aprop\u00f3j\u00e1t is az a csod\u00e1s esem\u00e9ny adta, hogy 2023 tavasz\u00e1n siker\u00fcl majd\u2019 egy h\u00f3napon kereszt\u00fcl vonattal bej\u00e1rni Eur\u00f3pa j\u00f3 n\u00e9h\u00e1ny orsz\u00e1g\u00e1t, ami szint\u00e9n egy spont\u00e1n d\u00f6nt\u00e9s alapj\u00e1n indult. A k\u00f6vetkez\u0151kben ezt osztjuk meg Veletek.<\/span><\/p>\t\t\t\t\t\t<\/div>\n\t\t\t\t<\/div>\n\t\t\t\t\t<\/div>\n\t\t<\/div>\n\t\t\t\t<div class=\"elementor-column elementor-col-50 elementor-top-column elementor-element elementor-element-7531dc9\" data-id=\"7531dc9\" data-element_type=\"column\" data-settings=\"{&quot;background_background&quot;:&quot;classic&quot;}\">\n\t\t\t<div class=\"elementor-widget-wrap elementor-element-populated\">\n\t\t\t\t\t\t\t\t<div class=\"elementor-element elementor-element-772091bc elementor-widget elementor-widget-spacer\" data-id=\"772091bc\" data-element_type=\"widget\" data-widget_type=\"spacer.default\">\n\t\t\t\t<div class=\"elementor-widget-container\">\n\t\t\t\t\t<div class=\"elementor-spacer\">\n\t\t\t<div class=\"elementor-spacer-inner\"><\/div>\n\t\t<\/div>\n\t\t\t\t<\/div>\n\t\t\t\t<\/div>\n\t\t\t\t\t<\/div>\n\t\t<\/div>\n\t\t\t\t\t\t\t<\/div>\n\t\t<\/section>\n\t\t\t\t<section class=\"elementor-section elementor-top-section elementor-element elementor-element-1692b4fa elementor-reverse-tablet elementor-reverse-mobile elementor-section-content-middle elementor-section-boxed elementor-section-height-default elementor-section-height-default\" data-id=\"1692b4fa\" data-element_type=\"section\">\n\t\t\t\t\t\t<div class=\"elementor-container elementor-column-gap-default\">\n\t\t\t\t\t<div class=\"elementor-column elementor-col-50 elementor-top-column elementor-element elementor-element-783ec4d6\" data-id=\"783ec4d6\" data-element_type=\"column\">\n\t\t\t<div class=\"elementor-widget-wrap elementor-element-populated\">\n\t\t\t\t\t\t\t\t<div class=\"elementor-element elementor-element-27244393 elementor-widget elementor-widget-image\" data-id=\"27244393\" data-element_type=\"widget\" data-widget_type=\"image.default\">\n\t\t\t\t<div class=\"elementor-widget-container\">\n\t\t\t\t\t\t\t\t\t\t\t\t\t\t\t<img loading=\"lazy\" decoding=\"async\" width=\"1923\" height=\"2560\" src=\"https:\/\/vilagjegy.hu\/wp-content\/uploads\/2023\/08\/Kozos-kep.jpg-1-scaled.jpg\" class=\"attachment-full size-full wp-image-675\" alt=\"\" srcset=\"https:\/\/vilagjegy.hu\/wp-content\/uploads\/2023\/08\/Kozos-kep.jpg-1-scaled.jpg 1923w, https:\/\/vilagjegy.hu\/wp-content\/uploads\/2023\/08\/Kozos-kep.jpg-1-225x300.jpg 225w, https:\/\/vilagjegy.hu\/wp-content\/uploads\/2023\/08\/Kozos-kep.jpg-1-769x1024.jpg 769w, https:\/\/vilagjegy.hu\/wp-content\/uploads\/2023\/08\/Kozos-kep.jpg-1-768x1022.jpg 768w, https:\/\/vilagjegy.hu\/wp-content\/uploads\/2023\/08\/Kozos-kep.jpg-1-1154x1536.jpg 1154w, https:\/\/vilagjegy.hu\/wp-content\/uploads\/2023\/08\/Kozos-kep.jpg-1-1539x2048.jpg 1539w\" sizes=\"auto, (max-width: 1923px) 100vw, 1923px\" \/>\t\t\t\t\t\t\t\t\t\t\t\t\t\t\t<\/div>\n\t\t\t\t<\/div>\n\t\t\t\t\t<\/div>\n\t\t<\/div>\n\t\t\t\t<div class=\"elementor-column elementor-col-50 elementor-top-column elementor-element elementor-element-54737a52\" data-id=\"54737a52\" data-element_type=\"column\">\n\t\t\t<div class=\"elementor-widget-wrap elementor-element-populated\">\n\t\t\t\t\t\t\t\t<div class=\"elementor-element elementor-element-3076d312 elementor-widget elementor-widget-heading\" data-id=\"3076d312\" data-element_type=\"widget\" data-widget_type=\"heading.default\">\n\t\t\t\t<div class=\"elementor-widget-container\">\n\t\t\t<h2 class=\"elementor-heading-title elementor-size-default\">Mi ez az oldal \u00e9s kik ezek a nyulak? <\/h2>\t\t<\/div>\n\t\t\t\t<\/div>\n\t\t\t\t<div class=\"elementor-element elementor-element-7be8d8ed elementor-widget elementor-widget-text-editor\" data-id=\"7be8d8ed\" data-element_type=\"widget\" data-widget_type=\"text-editor.default\">\n\t\t\t\t<div class=\"elementor-widget-container\">\n\t\t\t\t\t\t\t<p><span style=\"font-weight: 400;\">A vil\u00e1g k\u00f6r\u00fcl sajnos m\u00e9g el\u00e9g er\u0151s kifejez\u00e9s, mivel csak a ny\u00falneveld\u00e9nk vezet\u0151je hagyta el eddig kontinens\u00fcnket, de minden v\u00e1gyunk \u00e9s legf\u0151bb c\u00e9lunk az, hogy m\u00e9g ebben az \u00e9let\u00fcnkben beutazzuk a vil\u00e1got, legal\u00e1bb is min\u00e9l t\u00f6bbet l\u00e1ssunk bel\u0151le. Mindkett\u0151nk sz\u00e1m\u00e1ra az utaz\u00e1s, a vil\u00e1g orsz\u00e1gainak, kult\u00far\u00e1inak megismer\u00e9se az egyik legfontosabb \u00e9letc\u00e9lja, ha nem a legfontosabb.. Fiatal h\u00e1zasok vagyunk, m\u00e1rmint a h\u00e1zass\u00e1gunk fiatal, m\u00e9g csak n\u00e9h\u00e1ny \u00e9ves, de mi, a r\u00e9szvet\u0151i m\u00e1r a negyvenes \u00e9veinket tapossuk: ki az elej\u00e9t, ki a v\u00e9g\u00e9t.. \ud83d\ude00<\/span><\/p><p><span style=\"font-weight: 400;\">\u00c9s hisz\u00fcnk benne, hogy ebbe m\u00e9g rengeteg minden belef\u00e9rhet. 7 \u00e9ve ismerj\u00fck egym\u00e1st \u00e9s mindegyik k\u00f6z\u00f6s \u00e9v\u00fcnkben siker\u00fclt t\u00f6bbsz\u00f6r is utaznunk, igen, m\u00e9g a Covid alatt is <\/span><span style=\"font-weight: 400;\">\u263a<\/span><span style=\"font-weight: 400;\"> igyeksz\u00fcnk egy \u00e9vben t\u00f6bbsz\u00f6r is \u00fatra kelni, egy-k\u00e9t t\u00f6bbnapos, nagyobb l\u00e9pt\u00e9k\u0171 v\u00e1ltakozik a csak p\u00e1r napos belf\u00f6ldi &#8211; k\u00fclf\u00f6ldivel. Volt olyan nyarunk, hogy el sem kellett pakolni az utaz\u00f3 holminkat, csak friss\u00edteni, mert kicsit hazaj\u00f6tt\u00fcnk, dolgoztunk, azt\u00e1n \u00fatra kelt\u00fcnk ism\u00e9t. Na \u00edgy szeretn\u00e9nk \u00e9lni, ha lehet eg\u00e9sz \u00e9vben. Bizony\u00e1ra sokatokn\u00e1l egyb\u0151l bekapcsol, a mib\u0151l? Az sem titok, \u00e9s sz\u00edvesen megosztjuk, tippeket is adunk, ez\u00e9rt is hoztuk l\u00e9tre ezt a blogot. J\u00f3, f\u0151k\u00e9nt az motiv\u00e1lt, pl\u00e1ne engem, hogy a kis ny\u00falagyamat ne kelljen terhelnem ennyi inf\u00f3 t\u00e1rol\u00e1s\u00e1val, hanem sz\u00e9pen, rendszerezve legyenek el\u00e9rhet\u0151ek az eml\u00e9keim. Sz\u00f3val feled\u00e9keny vagyok na \ud83d\ude00 De itt van Henrik, akinek meg olyan mem\u00f3ri\u00e1ja van, mint egy kiselef\u00e1ntnak \u00e9s k\u00e9szs\u00e9ggel v\u00e1laszol az olyan t\u00edpus\u00fa k\u00e9rd\u00e9seimre, hogy X v\u00e1rosban \u00e9n j\u00e1rtam? Igen? \u00c9s mit l\u00e1ttam ott? \u2013 \u00e9s seg\u00edt, m\u00e9g akkor is, ha kir\u00f6h\u00f6g \ud83d\ude00 nem, nincs korai demenci\u00e1m, sem alzheimerem, rem\u00e9lem nem is kapok ilyen kih\u00edv\u00e1sokat, csak szimpl\u00e1n adhd-s vagyok, \u00e9s rengeteg processz fut \u00e1lland\u00f3an, \u00edgy n\u00e9ha neh\u00e9z kiv\u00e1logatni a helyszeneket, esem\u00e9nyeket \ud83d\ude00\u00a0<\/span><\/p><p><span style=\"font-weight: 400;\">A mib\u0151l k\u00e9rd\u00e9sre visszat\u00e9rve: nem vagyunk a fels\u0151 t\u00edzezer tagja, szeretj\u00fck azt hinni, hogy k\u00f6z\u00e9poszt\u00e1lybeliek, de tulajdonk\u00e9ppen az is csak \u00f6n\u00e1m\u00edt\u00e1s, maximum eduk\u00e1ci\u00f3s \u00e9s m\u0171velts\u00e9gi szempontb\u00f3l vagyunk tartozunk a k\u00f6z\u00e9poszt\u00e1lyhoz, egy\u00e9bk\u00e9nt meg ma Magyarorsz\u00e1gon az, amivel mi rendelkez\u00fcnk, anyagi javak, ingatlanuk \u00e9s ing\u00f3s\u00e1sok, azaz ezek nem l\u00e9te, az j\u00f3indulattal is csak az als\u00f3 k\u00f6z\u00e9poszt\u00e1lyt s\u00farolja. B\u00e1r \u00e9n szeretek meg tudok is sznobkodni, kicsit elitista is vagyok, de megeszem a lidles parizert, \u00e9s mindegy milyen aut\u00f3val j\u00e1rok, csak m\u0171k\u00f6dj\u00f6n, meg olcs\u00f3 legyen a fenntart\u00e1sa. Nem n\u00e9lk\u00fcl\u00f6z\u00fcnk, van mit enn\u00fcnk, felvenn\u00fcnk, vannak j\u00e1rm\u0171veink, van sz\u00e9p kertes lak\u00e1sunk, amit k\u00f6z\u00f6sen b\u00e9rel\u00fcnk, mi\u00f3ta egy\u00fctt vagyunk, \u00e9s saj\u00e1tunk\u00e9t szeretj\u00fck, rendezz\u00fck, a tulajdonosokkal teljes egyet\u00e9rt\u00e9sben. Vannak hiteleink, befektet\u00e9seink, v\u00e1llalkoz\u00e1saink, vannak befuccsolt \u00f6tleteink, projektjeink, meg vannak sikeresebbek, emellett mindketten dolgozunk, viszonylag rugalmas beoszt\u00e1sban, \u00e9n a p\u00e9nz\u00fcgyi szektorban, m\u00e1sik felem meg szakmunk\u00e1ban, fest \u00e9s asztaloskodik, ami mellett pr\u00f3b\u00e1lja a kreat\u00edv, alkot\u00f3 energi\u00e1it is ki\u00e9lni \u00e9s megval\u00f3s\u00edtani kisb\u00fatorok \u00e9s design t\u00e1rgyak form\u00e1j\u00e1ban. Sz\u00f3val van rendszeres meg rendszertelen j\u00f6vedelm\u00fcnk is, az \u00e1tlaghoz k\u00e9pest jobban keres\u00fcnk, \u00e9s igyeksz\u00fcnk j\u00f3l beosztani, sajnos \u00edgy is kev\u00e9s, de utaz\u00e1sra mindig \u00e1ldozunk, vagyis nem \u00e1ldozat. A csal\u00e1dunk is sok mindenben t\u00e1mogat minket. Gyerek\u00fcnk nincs, azzal mondjuk el\u00e9g sokat tudunk sp\u00f3rolni, az \u00f6kol\u00f3giai l\u00e1bnyomunk is l\u00e9nyegesen kisebb, meg nem utols\u00f3 sorban sokkal rugalmasabbak \u00e9s spont\u00e1nabban vagyunk.<\/span><\/p><p><span style=\"font-weight: 400;\">A nem r\u00f6vid bevezet\u0151met m\u00e9g hosszasan tudn\u00e1m cizell\u00e1lni, de arra majd ink\u00e1bb egy k\u00fcl\u00f6n vil\u00e1gn\u00e9zeti moraliz\u00e1l\u00f3 blogot ind\u00edtok ink\u00e1bb \ud83d\ude00 magyar\u00e1n legink\u00e1bb utaz\u00e1sra k\u00f6lt\u00fcnk, \u00e9s azok sem luxusutak, eddig ig\u00e9ny\u00fcnk sem volt all inclusive t\u00edpus\u00fa egyhetes sz\u00e1llodai tart\u00f3zkod\u00e1sra, manaps\u00e1g m\u00e1r nem tartom kiz\u00e1rtnak, hogy hamarosan azt is bev\u00e1llaljuk \u2013 amennyiben olyan helyen van, ahol sok a l\u00e1tnival\u00f3 a k\u00f6rny\u00e9ken. Saj\u00e1t szervez\u00e9sben utazunk mindig, \u00e9s sz\u00e1nunk id\u0151t arra, hogy megtal\u00e1ljuk a megfelel\u0151 k\u00f6zleked\u00e9si eszk\u00f6zt az adott helyre, illetve a k\u00f6rny\u00e9k bej\u00e1r\u00e1s\u00e1hoz, sz\u00e1ll\u00e1sfoglal\u00e1sokn\u00e1l a f\u0151 szempont a tisztas\u00e1g \u00e9s a j\u00f3 elhelyezked\u00e9s, ha t\u00f6bb napos a tart\u00f3zkod\u00e1sunk, akkor a felszerelts\u00e9g is, de egy-egy \u00e9jszak\u00e1ra nagyj\u00e1b\u00f3l mindegy. Van, hogy az\u00e9rt utazunk\/vesz\u00fcnk meg repjegyet, mert tal\u00e1ltam valami nagy akci\u00f3t, azt\u00e1n majd lesz valahogy alapon nekiindulunk a szervez\u00e9snek, tervez\u00e9snek.\u00a0<\/span><\/p><p><span style=\"font-weight: 400;\">A \u00fatinapl\u00f3nk elind\u00edt\u00e1s\u00e1nak aprop\u00f3j\u00e1t is az a csod\u00e1s esem\u00e9ny adta, hogy 2023 tavasz\u00e1n siker\u00fcl majd\u2019 egy h\u00f3napon kereszt\u00fcl vonattal bej\u00e1rni Eur\u00f3pa j\u00f3 n\u00e9h\u00e1ny orsz\u00e1g\u00e1t, ami szint\u00e9n egy spont\u00e1n d\u00f6nt\u00e9s alapj\u00e1n indult. A k\u00f6vetkez\u0151kben ezt osztjuk meg Veletek.<\/span><\/p>\t\t\t\t\t\t<\/div>\n\t\t\t\t<\/div>\n\t\t\t\t\t<\/div>\n\t\t<\/div>\n\t\t\t\t\t\t\t<\/div>\n\t\t<\/section>\n\t\t\t\t\t\t\t<\/div>\n\t\t","protected":false},"excerpt":{"rendered":"<p>Mi ez az oldal \u00e9s kik ezek a nyulak? A vil\u00e1g k\u00f6r\u00fcl sajnos m\u00e9g el\u00e9g er\u0151s kifejez\u00e9s, mivel csak a ny\u00falneveld\u00e9nk vezet\u0151je hagyta el eddig kontinens\u00fcnket, de minden v\u00e1gyunk \u00e9s legf\u0151bb c\u00e9lunk az, hogy m\u00e9g ebben az \u00e9let\u00fcnkben beutazzuk a vil\u00e1got, legal\u00e1bb is min\u00e9l t\u00f6bbet l\u00e1ssunk bel\u0151le. Mindkett\u0151nk sz\u00e1m\u00e1ra az utaz\u00e1s, a vil\u00e1g orsz\u00e1gainak, kult\u00far\u00e1inak [&hellip;]<\/p>\n","protected":false},"author":1,"featured_media":0,"parent":0,"menu_order":0,"comment_status":"closed","ping_status":"closed","template":"elementor_header_footer","meta":{"footnotes":""},"class_list":["post-684","page","type-page","status-publish","hentry"],"_links":{"self":[{"href":"https:\/\/vilagjegy.hu\/index.php?rest_route=\/wp\/v2\/pages\/684","targetHints":{"allow":["GET"]}}],"collection":[{"href":"https:\/\/vilagjegy.hu\/index.php?rest_route=\/wp\/v2\/pages"}],"about":[{"href":"https:\/\/vilagjegy.hu\/index.php?rest_route=\/wp\/v2\/types\/page"}],"author":[{"embeddable":true,"href":"https:\/\/vilagjegy.hu\/index.php?rest_route=\/wp\/v2\/users\/1"}],"replies":[{"embeddable":true,"href":"https:\/\/vilagjegy.hu\/index.php?rest_route=%2Fwp%2Fv2%2Fcomments&post=684"}],"version-history":[{"count":7,"href":"https:\/\/vilagjegy.hu\/index.php?rest_route=\/wp\/v2\/pages\/684\/revisions"}],"predecessor-version":[{"id":693,"href":"https:\/\/vilagjegy.hu\/index.php?rest_route=\/wp\/v2\/pages\/684\/revisions\/693"}],"wp:attachment":[{"href":"https:\/\/vilagjegy.hu\/index.php?rest_route=%2Fwp%2Fv2%2Fmedia&parent=684"}],"curies":[{"name":"wp","href":"https:\/\/api.w.org\/{rel}","templated":true}]}}